{"id":2397,"date":"2012-07-22T11:47:50","date_gmt":"2012-07-22T09:47:50","guid":{"rendered":"https:\/\/www.c.line-design.fr\/website\/i-lumine\/blog\/?page_id=2397"},"modified":"2023-04-04T12:25:24","modified_gmt":"2023-04-04T10:25:24","slug":"informations","status":"publish","type":"page","link":"https:\/\/www.c.line-design.fr\/website\/i-lumine\/informations\/","title":{"rendered":"Tarifs \/ Informations \/ FAQ"},"content":{"rendered":"\n<div class=\"wp-block-group alignfull\"><div class=\"wp-block-group__inner-container is-layout-flow wp-block-group-is-layout-flow\">\n<h2 class=\"wp-block-heading has-text-align-center\">Tarifs<\/h2>\n\n\n\n<div class=\"wp-block-columns alignwide has-text-align-left tw-cols-stack-sm tw-cols-card tw-cols-card-white tw-stretched-link is-layout-flex wp-container-core-columns-is-layout-d0b3c9c8 wp-block-columns-is-layout-flex\">\n<div class=\"wp-block-column is-layout-flow wp-block-column-is-layout-flow\">\n<figure class=\"wp-block-image size-large\"><img loading=\"lazy\" decoding=\"async\" width=\"1024\" height=\"585\" src=\"https:\/\/www.c.line-design.fr\/website\/i-lumine\/wp-content\/uploads\/2021\/02\/watermark-white-e1612199379790-1024x585.png\" alt=\"\" class=\"wp-image-4626\" srcset=\"https:\/\/www.c.line-design.fr\/website\/i-lumine\/wp-content\/uploads\/2021\/02\/watermark-white-e1612199379790-1024x585.png 1024w, https:\/\/www.c.line-design.fr\/website\/i-lumine\/wp-content\/uploads\/2021\/02\/watermark-white-e1612199379790-300x171.png 300w, https:\/\/www.c.line-design.fr\/website\/i-lumine\/wp-content\/uploads\/2021\/02\/watermark-white-e1612199379790-768x439.png 768w, https:\/\/www.c.line-design.fr\/website\/i-lumine\/wp-content\/uploads\/2021\/02\/watermark-white-e1612199379790-1536x878.png 1536w, https:\/\/www.c.line-design.fr\/website\/i-lumine\/wp-content\/uploads\/2021\/02\/watermark-white-e1612199379790-2048x1171.png 2048w, https:\/\/www.c.line-design.fr\/website\/i-lumine\/wp-content\/uploads\/2021\/02\/watermark-white-e1612199379790-1568x896.png 1568w\" sizes=\"auto, (max-width: 1024px) 100vw, 1024px\" \/><\/figure>\n\n\n\n<h2 class=\"wp-block-heading has-text-align-center tw-mb-2 has-large-font-size\">S\u00e9ances portrait<\/h2>\n\n\n\n<h3 class=\"wp-block-heading has-text-align-center\"><strong>A partir de 200\u20ac<\/strong><\/h3>\n\n\n\n<p>Ce tarif inclut :<\/p>\n\n\n\n<ul class=\"wp-block-list\">\n<li>la pr\u00e9paration de votre s\u00e9ance<\/li>\n\n\n\n<li>le d\u00e9placement dans un rayon de 30 km autour de Tours (possibilit\u00e9 de d\u00e9placement avec frais suppl\u00e9mentaires)<\/li>\n\n\n\n<li>la s\u00e9ance d\u2019une dur\u00e9e de 1h30<\/li>\n\n\n\n<li>le travail de s\u00e9lection des plus jolies photos et le post traitement<\/li>\n\n\n\n<li><strong>votre galerie priv\u00e9e avec 20 fichiers t\u00e9l\u00e9chargeables<\/strong><\/li>\n<\/ul>\n<\/div>\n\n\n\n<div class=\"wp-block-column is-layout-flow wp-block-column-is-layout-flow\">\n<figure class=\"wp-block-image size-large\"><img loading=\"lazy\" decoding=\"async\" width=\"500\" height=\"300\" src=\"https:\/\/www.c.line-design.fr\/website\/i-lumine\/wp-content\/uploads\/2021\/01\/camera.jpg\" alt=\"\" class=\"wp-image-4444\" srcset=\"https:\/\/www.c.line-design.fr\/website\/i-lumine\/wp-content\/uploads\/2021\/01\/camera.jpg 500w, https:\/\/www.c.line-design.fr\/website\/i-lumine\/wp-content\/uploads\/2021\/01\/camera-300x180.jpg 300w\" sizes=\"auto, (max-width: 500px) 100vw, 500px\" \/><\/figure>\n\n\n\n<h2 class=\"wp-block-heading has-text-align-center tw-mb-2 has-large-font-size\">Formule compl\u00e8te<\/h2>\n\n\n\n<h3 class=\"wp-block-heading has-text-align-center\">A partir de <strong><strong>250\u20ac<\/strong><\/strong><\/h3>\n\n\n\n<p>Ce tarif inclut :<\/p>\n\n\n\n<ul class=\"wp-block-list\">\n<li>la pr\u00e9paration de votre s\u00e9ance<\/li>\n\n\n\n<li>le d\u00e9placement dans un rayon de 30 km autour de Tours (possibilit\u00e9 de d\u00e9placement avec frais suppl\u00e9mentaires)<\/li>\n\n\n\n<li>la s\u00e9ance d\u2019une dur\u00e9e de 1h30<\/li>\n\n\n\n<li>le travail de s\u00e9lection des plus jolies photos et le post traitement<\/li>\n\n\n\n<li><strong>votre galerie priv\u00e9e ainsi que vos photos livr\u00e9es sur Cl\u00e9 USB ( 50 photos)<\/strong><\/li>\n<\/ul>\n<\/div>\n\n\n\n<div class=\"wp-block-column is-layout-flow wp-block-column-is-layout-flow\"><div class=\"wp-block-image tw-mt-4\">\n<figure class=\"aligncenter size-large is-resized\"><img loading=\"lazy\" decoding=\"async\" src=\"https:\/\/www.c.line-design.fr\/website\/i-lumine\/wp-content\/uploads\/2021\/01\/contact.png\" alt=\"\" class=\"wp-image-4539\" width=\"210\" height=\"167\" srcset=\"https:\/\/www.c.line-design.fr\/website\/i-lumine\/wp-content\/uploads\/2021\/01\/contact.png 438w, https:\/\/www.c.line-design.fr\/website\/i-lumine\/wp-content\/uploads\/2021\/01\/contact-300x240.png 300w\" sizes=\"auto, (max-width: 210px) 100vw, 210px\" \/><\/figure>\n<\/div>\n\n\n<h2 class=\"wp-block-heading has-text-align-center tw-mb-2 has-large-font-size\">Informations<\/h2>\n\n\n\n<h3 class=\"wp-block-heading has-text-align-center\"><strong><strong>&#8211;<\/strong><\/strong><\/h3>\n\n\n\n<p class=\"has-text-align-center\">Vous souhaitez plus d\u2019informations ? Contactez-moi ! &nbsp;<\/p>\n\n\n\n<p class=\"has-text-align-center linkbtn\"><strong><a href=\"https:\/\/www.c.line-design.fr\/website\/i-lumine\/contact\/\" data-type=\"page\" data-id=\"8\">Contact<\/a><\/strong><\/p>\n<\/div>\n<\/div>\n\n\n\n<div class=\"wp-block-image\"><figure class=\"aligncenter size-large is-resized\"><img loading=\"lazy\" decoding=\"async\" src=\"https:\/\/www.c.line-design.fr\/website\/i-lumine\/wp-content\/uploads\/2021\/01\/separation1.png\" alt=\"\" class=\"wp-image-4499\" width=\"149\" height=\"63\" srcset=\"https:\/\/www.c.line-design.fr\/website\/i-lumine\/wp-content\/uploads\/2021\/01\/separation1.png 315w, https:\/\/www.c.line-design.fr\/website\/i-lumine\/wp-content\/uploads\/2021\/01\/separation1-300x128.png 300w\" sizes=\"auto, (max-width: 149px) 100vw, 149px\" \/><\/figure><\/div>\n<\/div><\/div>\n\n\n\n<div class=\"wp-block-media-text alignwide is-stacked-on-mobile tw-mt-0 is-style-tw-overlap has-subtle-background-color has-background tw-media-bottom\" style=\"grid-template-columns:35% auto\"><figure class=\"wp-block-media-text__media\"><img loading=\"lazy\" decoding=\"async\" width=\"667\" height=\"1000\" src=\"https:\/\/www.c.line-design.fr\/website\/i-lumine\/wp-content\/uploads\/2016\/12\/C-30-sur-150.jpg\" alt=\"\" class=\"wp-image-4113 size-full\" srcset=\"https:\/\/www.c.line-design.fr\/website\/i-lumine\/wp-content\/uploads\/2016\/12\/C-30-sur-150.jpg 667w, https:\/\/www.c.line-design.fr\/website\/i-lumine\/wp-content\/uploads\/2016\/12\/C-30-sur-150-200x300.jpg 200w\" sizes=\"auto, (max-width: 667px) 100vw, 667px\" \/><\/figure><div class=\"wp-block-media-text__content\">\n<h2 class=\"wp-block-heading has-black-color has-text-color has-extra-large-font-size\">O\u00f9 et Comment \u00e7a se passe ?<\/h2>\n\n\n\n<p>Vous vous demandez comment se passe une s\u00e9ance photo avec &nbsp;i-lumine, ce texte est pour vous &nbsp;!<\/p>\n\n\n\n<p>Toutes mes s\u00e9ances se d\u00e9roulent en ext\u00e9rieur (sauf les s\u00e9ances nouveau-n\u00e9 quand il fait froid bien sur !). C\u2019est avant tout une balade, un moment de d\u00e9tente et convivial en famille dans des lieux de votre choix, par exemple un endroit qui a une histoire pour vous, ou bien en fonction de vos envies et vos attentes. Si vous \u00eates plut\u00f4t s\u00e9ance nature ou plus urbaine, au bord de l\u2019eau, dans un champ de fleurs, en for\u00eat ou bien encore des endroits plus insolites comme un parking, une station essence d\u00e9saffect\u00e9e&#8230; Laissez libre court \u00e0 vos id\u00e9es !<br>Une s\u00e9ance reste un moment de d\u00e9tente, d\u2019\u00e9change, de rires, de jeux, en toute simplicit\u00e9, le but \u00e9tant de passer un bon moment ensemble et cr\u00e9er des images passant des rires \u00e0 la bouderie (bah oui on n\u2019est pas oblig\u00e9 de sourire tout le temps !), aux jeux, des gestes tendres, parfois aux larmes (et oui, les premiers pas parfois sont durs !) Le plus important pour moi c\u2019est de mettre en image les \u00e9motions, les liens qui unissent les familles et qu\u2019elles regardent leurs photos le sourire aux l\u00e8vres !<\/p>\n\n\n\n<p>Mon mot d\u2019ordre ? La spontan\u00e9it\u00e9 &nbsp;(bien s\u00fbr je serai l\u00e0 pour vous guider quand m\u00eame un peu si besoin !)<\/p>\n<\/div><\/div>\n\n\n\n<div class=\"wp-block-group alignfull\"><div class=\"wp-block-group__inner-container is-layout-flow wp-block-group-is-layout-flow\">\n<div class=\"wp-block-media-text alignwide has-media-on-the-right is-stacked-on-mobile tw-media-bottom\" style=\"grid-template-columns:auto 36%\"><div class=\"wp-block-media-text__content\">\n<h2 class=\"wp-block-heading\">Mat\u00e9riel<\/h2>\n\n\n\n<ul class=\"wp-block-list\">\n<li> 1 boitiers Canon 5D mark IV + 1 Canon 5D mark ll<\/li>\n\n\n\n<li> objectifs uniquement Canon : le 85 mm f\/1,2 &nbsp;s\u00e9rie L &nbsp;lui c\u2019est mon chouchou !!!<\/li>\n\n\n\n<li> le 35 mm f\/1,4 s\u00e9rie L<\/li>\n\n\n\n<li> le 24-70 mm f\/2,8<\/li>\n\n\n\n<li> le 50 mm f\/1,4<\/li>\n<\/ul>\n<\/div><figure class=\"wp-block-media-text__media\"><img loading=\"lazy\" decoding=\"async\" width=\"500\" height=\"300\" src=\"https:\/\/www.c.line-design.fr\/website\/i-lumine\/wp-content\/uploads\/2021\/01\/camera.jpg\" alt=\"\" class=\"wp-image-4444 size-full\" srcset=\"https:\/\/www.c.line-design.fr\/website\/i-lumine\/wp-content\/uploads\/2021\/01\/camera.jpg 500w, https:\/\/www.c.line-design.fr\/website\/i-lumine\/wp-content\/uploads\/2021\/01\/camera-300x180.jpg 300w\" sizes=\"auto, (max-width: 500px) 100vw, 500px\" \/><\/figure><\/div>\n<\/div><\/div>\n\n\n<div class=\"wp-block-image\">\n<figure class=\"aligncenter size-large is-resized\"><img loading=\"lazy\" decoding=\"async\" src=\"https:\/\/www.c.line-design.fr\/website\/i-lumine\/wp-content\/uploads\/2021\/01\/separation1.png\" alt=\"\" class=\"wp-image-4499\" width=\"214\" height=\"91\" srcset=\"https:\/\/www.c.line-design.fr\/website\/i-lumine\/wp-content\/uploads\/2021\/01\/separation1.png 315w, https:\/\/www.c.line-design.fr\/website\/i-lumine\/wp-content\/uploads\/2021\/01\/separation1-300x128.png 300w\" sizes=\"auto, (max-width: 214px) 100vw, 214px\" \/><\/figure>\n<\/div>\n\n\n<div class=\"wp-block-group alignfull\"><div class=\"wp-block-group__inner-container is-layout-flow wp-block-group-is-layout-flow\">\n<h2 class=\"wp-block-heading has-text-align-center\">FAQ<\/h2>\n\n\n\n<h4 class=\"wp-block-heading has-large-font-size\"><strong><strong>Comment abordez-vous une s\u00e9ance photo ?<\/strong><\/strong><\/h4>\n\n\n\n<p>Une s\u00e9ance reste un moment convivial, d\u2019\u00e9change, de rires, de jeux, en toute simplicit\u00e9, le but \u00e9tant de passer un bon moment ensemble et cr\u00e9er des images passant des rires \u00e0 la bouderie, aux jeux, des gestes tendres, parfois aux larmes (et oui, les premiers pas parfois sont durs !) le plus important pour moi c\u2019est de mettre en image les \u00e9motions, les liens qui unissent ces familles et qu\u2019ils regardent leurs photos le sourire aux l\u00e8vres !<\/p>\n\n\n\n<hr class=\"wp-block-separator has-css-opacity tw-mt-7\"\/>\n\n\n\n<h4 class=\"wp-block-heading has-large-font-size\"><strong>O\u00f9 se d\u00e9roule vos s\u00e9ances ?<\/strong><\/h4>\n\n\n\n<p>Comme expliqu\u00e9 ci dessus, je r\u00e9alise mes s\u00e9ance en ext\u00e9rieur, ou \u00e0 votre domicile notamment pour les s\u00e9ance nouveaux-n\u00e9s si la m\u00e9t\u00e9o ne nous permet pas de sortir b\u00e9b\u00e9, le cumul des deux est \u00e9galement possible si vous souhaitez des photos cocooning dans votre home sweet home et ensuite aller faire une ballade !<\/p>\n\n\n<div class=\"wp-block-image tw-mb-0\">\n<figure class=\"aligncenter size-full\"><img loading=\"lazy\" decoding=\"async\" width=\"800\" height=\"267\" src=\"https:\/\/www.c.line-design.fr\/website\/i-lumine\/wp-content\/uploads\/2023\/04\/lieu1-800x267-1.jpg\" alt=\"\" class=\"wp-image-5055\" srcset=\"https:\/\/www.c.line-design.fr\/website\/i-lumine\/wp-content\/uploads\/2023\/04\/lieu1-800x267-1.jpg 800w, https:\/\/www.c.line-design.fr\/website\/i-lumine\/wp-content\/uploads\/2023\/04\/lieu1-800x267-1-300x100.jpg 300w, https:\/\/www.c.line-design.fr\/website\/i-lumine\/wp-content\/uploads\/2023\/04\/lieu1-800x267-1-768x256.jpg 768w\" sizes=\"auto, (max-width: 800px) 100vw, 800px\" \/><\/figure>\n<\/div>\n\n<div class=\"wp-block-image tw-mt-0\">\n<figure class=\"aligncenter size-full\"><img loading=\"lazy\" decoding=\"async\" width=\"800\" height=\"267\" src=\"https:\/\/www.c.line-design.fr\/website\/i-lumine\/wp-content\/uploads\/2023\/04\/lieu2-800x267-1.jpg\" alt=\"\" class=\"wp-image-5057\" srcset=\"https:\/\/www.c.line-design.fr\/website\/i-lumine\/wp-content\/uploads\/2023\/04\/lieu2-800x267-1.jpg 800w, https:\/\/www.c.line-design.fr\/website\/i-lumine\/wp-content\/uploads\/2023\/04\/lieu2-800x267-1-300x100.jpg 300w, https:\/\/www.c.line-design.fr\/website\/i-lumine\/wp-content\/uploads\/2023\/04\/lieu2-800x267-1-768x256.jpg 768w\" sizes=\"auto, (max-width: 800px) 100vw, 800px\" \/><\/figure>\n<\/div>\n\n\n<p>Dans les tags, sur une plage&#8230;<br>Dans un champ, en for\u00eat &#8230;<\/p>\n\n\n\n<hr class=\"wp-block-separator has-css-opacity tw-mt-7\"\/>\n\n\n\n<h4 class=\"wp-block-heading has-large-font-size\"><strong>Comment doit-on s&rsquo;habiller, \u00e0 quoi doit-on penser ?<\/strong><\/h4>\n\n\n\n<p>Une s\u00e9ance photo se r\u00e9fl\u00e9chit et le choix des tenues fait parti du travail en amont. Je suis pour l&rsquo;harmonie des couleurs, les petits accessoires qui donnent un plus, des d\u00e9tails qui peuvent donner du relief, du pep&rsquo;s : les ongles vernis par exemple en s\u00e9ance maternit\u00e9 quand je r\u00e9alise des photos de d\u00e9tails, un jolie maquillage &#8230;<br>Cela ne veux pas dire que vous devez vous \u00ab\u00a0d\u00e9guiser\u00a0\u00bb pour l&rsquo;occasion hein ! Restez vous m\u00eame quand m\u00eame \ud83d\ude09<br>Vous pouvez pr\u00e9voir plusieurs tenues c&rsquo;est m\u00eame mieux ! <\/p>\n\n\n<div class=\"wp-block-image\">\n<figure class=\"aligncenter size-full\"><img loading=\"lazy\" decoding=\"async\" width=\"800\" height=\"267\" src=\"https:\/\/www.c.line-design.fr\/website\/i-lumine\/wp-content\/uploads\/2023\/04\/vetement-800x267-1.jpg\" alt=\"\" class=\"wp-image-5061\" srcset=\"https:\/\/www.c.line-design.fr\/website\/i-lumine\/wp-content\/uploads\/2023\/04\/vetement-800x267-1.jpg 800w, https:\/\/www.c.line-design.fr\/website\/i-lumine\/wp-content\/uploads\/2023\/04\/vetement-800x267-1-300x100.jpg 300w, https:\/\/www.c.line-design.fr\/website\/i-lumine\/wp-content\/uploads\/2023\/04\/vetement-800x267-1-768x256.jpg 768w\" sizes=\"auto, (max-width: 800px) 100vw, 800px\" \/><\/figure>\n<\/div>\n\n\n<hr class=\"wp-block-separator has-css-opacity tw-mt-7\"\/>\n\n\n\n<h4 class=\"wp-block-heading has-large-font-size\"><strong>Le meilleur moment pour r\u00e9aliser ma s\u00e9ance maternit\u00e9 ?<\/strong><\/h4>\n\n\n\n<p>Je vous conseille d&rsquo;attendre votre 7\u00e8me\/8\u00e8me mois si la forme et la sant\u00e9 vous le permet, lorsque votre ventre est bien arrondi !<\/p>\n\n\n\n<hr class=\"wp-block-separator has-css-opacity tw-mt-7\"\/>\n\n\n\n<h4 class=\"wp-block-heading has-large-font-size\"><strong><strong>B\u00e9b\u00e9 va arriver et vous souhaiter faire une s\u00e9ance nouveau-n\u00e9, quand faire cette s\u00e9ance et comment ce passe t&rsquo;elle ?<\/strong><\/strong><\/h4>\n\n\n\n<p>Id\u00e9alement je r\u00e9alise les s\u00e9ances nouveaux-n\u00e9s dans les 10 premiers jours suivant la naissance, les tous petits dorment encore beaucoup, sont mall\u00e9ables pour pouvoir encore prendre la position foetale, et puis croyez moi les premiers jours de vie de b\u00e9b\u00e9 passent vraiment vraiment \u00e0 toute vitesse et il change \u00e9norm\u00e9ment \u00e0 ce moment l\u00e0.<br>La s\u00e9ance se d\u00e9roule \u00e0 votre domicile, les pi\u00e8ces dans lesquelles nous nous installerons devront \u00eatre lumineuse ( fen\u00eatres, baies vitr\u00e9es) et bien chauff\u00e9es minimum 25\u00b0, (vous pouvez utiliser un petit chauffage soufflant d&rsquo;appoint.)<br>Cette s\u00e9ance dure plus longtemps que les autres car il faut s&rsquo;adapter au rythme de b\u00e9b\u00e9, pause repas, calin, change &#8230; il peut arriver qu&rsquo;une s\u00e9ance dure 3, 4 h.<br>Si la m\u00e9t\u00e9o le permet, nous pouvons aussi faire cette s\u00e9ance en ext\u00e9rieur c&rsquo;est une autre ambiance moins reportage mais avec tout autant de charme.<\/p>\n\n\n<div class=\"wp-block-image\">\n<figure class=\"aligncenter size-full\"><img loading=\"lazy\" decoding=\"async\" width=\"800\" height=\"267\" src=\"https:\/\/www.c.line-design.fr\/website\/i-lumine\/wp-content\/uploads\/2023\/04\/bebe-800x267-1.jpg\" alt=\"\" class=\"wp-image-5064\" srcset=\"https:\/\/www.c.line-design.fr\/website\/i-lumine\/wp-content\/uploads\/2023\/04\/bebe-800x267-1.jpg 800w, https:\/\/www.c.line-design.fr\/website\/i-lumine\/wp-content\/uploads\/2023\/04\/bebe-800x267-1-300x100.jpg 300w, https:\/\/www.c.line-design.fr\/website\/i-lumine\/wp-content\/uploads\/2023\/04\/bebe-800x267-1-768x256.jpg 768w\" sizes=\"auto, (max-width: 800px) 100vw, 800px\" \/><\/figure>\n<\/div>\n\n\n<p><\/p>\n<\/div><\/div>\n","protected":false},"excerpt":{"rendered":"<p>Tarifs S\u00e9ances portrait A partir de 200\u20ac Ce tarif inclut : Formule compl\u00e8te A partir de 250\u20ac Ce tarif inclut : Informations &#8211; Vous souhaitez plus d\u2019informations ? Contactez-moi ! &nbsp; Contact O\u00f9 et Comment \u00e7a se passe ? Vous vous demandez comment se passe une s\u00e9ance photo avec &nbsp;i-lumine, ce texte est pour vous&hellip; <a class=\"more-link\" href=\"https:\/\/www.c.line-design.fr\/website\/i-lumine\/informations\/\">Poursuivre la lecture <span class=\"screen-reader-text\">Tarifs \/ Informations \/ FAQ<\/span><\/a><\/p>\n","protected":false},"author":1,"featured_media":0,"parent":0,"menu_order":0,"comment_status":"closed","ping_status":"closed","template":"","meta":{"footnotes":""},"class_list":["post-2397","page","type-page","status-publish","hentry","entry"],"_links":{"self":[{"href":"https:\/\/www.c.line-design.fr\/website\/i-lumine\/wp-json\/wp\/v2\/pages\/2397","targetHints":{"allow":["GET"]}}],"collection":[{"href":"https:\/\/www.c.line-design.fr\/website\/i-lumine\/wp-json\/wp\/v2\/pages"}],"about":[{"href":"https:\/\/www.c.line-design.fr\/website\/i-lumine\/wp-json\/wp\/v2\/types\/page"}],"author":[{"embeddable":true,"href":"https:\/\/www.c.line-design.fr\/website\/i-lumine\/wp-json\/wp\/v2\/users\/1"}],"replies":[{"embeddable":true,"href":"https:\/\/www.c.line-design.fr\/website\/i-lumine\/wp-json\/wp\/v2\/comments?post=2397"}],"version-history":[{"count":50,"href":"https:\/\/www.c.line-design.fr\/website\/i-lumine\/wp-json\/wp\/v2\/pages\/2397\/revisions"}],"predecessor-version":[{"id":5065,"href":"https:\/\/www.c.line-design.fr\/website\/i-lumine\/wp-json\/wp\/v2\/pages\/2397\/revisions\/5065"}],"wp:attachment":[{"href":"https:\/\/www.c.line-design.fr\/website\/i-lumine\/wp-json\/wp\/v2\/media?parent=2397"}],"curies":[{"name":"wp","href":"https:\/\/api.w.org\/{rel}","templated":true}]}}