{"id":2424,"date":"2010-12-07T09:42:40","date_gmt":"2010-12-07T07:42:40","guid":{"rendered":"https:\/\/www.c.line-design.fr\/website\/i-lumine\/blog\/?page_id=2424"},"modified":"2021-02-02T15:55:10","modified_gmt":"2021-02-02T14:55:10","slug":"sur-le-web-publications","status":"publish","type":"page","link":"https:\/\/www.c.line-design.fr\/website\/i-lumine\/sur-le-web-publications\/","title":{"rendered":"Sur le Web &#8211; Publications"},"content":{"rendered":"\n<div class=\"wp-block-group alignfull\"><div class=\"wp-block-group__inner-container is-layout-flow wp-block-group-is-layout-flow\">\n<div class=\"wp-block-media-text alignwide is-stacked-on-mobile is-style-tw-overlap has-subtle-background-color has-background\" style=\"grid-template-columns:44% auto\"><figure class=\"wp-block-media-text__media\"><img loading=\"lazy\" decoding=\"async\" width=\"537\" height=\"579\" src=\"https:\/\/www.c.line-design.fr\/website\/i-lumine\/wp-content\/uploads\/2021\/01\/nextdoor.png\" alt=\"\" class=\"wp-image-4549 size-full\" srcset=\"https:\/\/www.c.line-design.fr\/website\/i-lumine\/wp-content\/uploads\/2021\/01\/nextdoor.png 537w, https:\/\/www.c.line-design.fr\/website\/i-lumine\/wp-content\/uploads\/2021\/01\/nextdoor-278x300.png 278w\" sizes=\"auto, (max-width: 537px) 100vw, 537px\" \/><\/figure><div class=\"wp-block-media-text__content\">\n<h2 class=\"has-extra-large-font-size wp-block-heading\"><strong>Le 17\/01\/2013<\/strong><\/h2>\n\n\n\n<p>Une nouvelle publication sur le blog d&rsquo;Annabelle <a href=\"http:\/\/thebridenextdoor.fr\/2013\/01\/17\/mariage-loches-chateau-de-bridore\/\">The Bride Next Door<\/a>.&nbsp;Merci, une publication \u00e0 l&rsquo;initiative de mes amours de mari\u00e9s, \u00e7a \u00e7a fait vraiment plaisir &nbsp;\ud83d\ude42<br>pour voir l&rsquo;article en entier cliquez dessus !<\/p>\n<\/div><\/div>\n\n\n\n<div class=\"wp-block-media-text alignwide has-media-on-the-right is-stacked-on-mobile is-style-tw-overlap has-subtle-background-color has-background\" style=\"grid-template-columns:auto 43%\"><figure class=\"wp-block-media-text__media\"><img loading=\"lazy\" decoding=\"async\" width=\"574\" height=\"579\" src=\"https:\/\/www.c.line-design.fr\/website\/i-lumine\/wp-content\/uploads\/2021\/01\/bebecheri.png\" alt=\"\" class=\"wp-image-4553 size-full\" srcset=\"https:\/\/www.c.line-design.fr\/website\/i-lumine\/wp-content\/uploads\/2021\/01\/bebecheri.png 574w, https:\/\/www.c.line-design.fr\/website\/i-lumine\/wp-content\/uploads\/2021\/01\/bebecheri-297x300.png 297w, https:\/\/www.c.line-design.fr\/website\/i-lumine\/wp-content\/uploads\/2021\/01\/bebecheri-150x150.png 150w\" sizes=\"auto, (max-width: 574px) 100vw, 574px\" \/><\/figure><div class=\"wp-block-media-text__content\">\n<h2 class=\"has-extra-large-font-size wp-block-heading\"><strong>Le 08\/08\/2012<\/strong><\/h2>\n\n\n\n<p>Chouette Chouette Chouette ! Tr\u00e8s contente que Samia et Chlo\u00e9 de <a href=\"http:\/\/www.monbebecheri.com\/photographe-enfant\/\">mon b\u00e9b\u00e9 ch\u00e9ri<\/a> aient publi\u00e9 la tendre s\u00e9ance de <a href=\"https:\/\/www.c.line-design.fr\/website\/i-lumine\/blog\/emma\/\">C\u00e9line et Emma<\/a> sur leur doux blog ! vous ne connaissez pas &nbsp;? &nbsp;je vous invite \u00e0 cliquer sur le lien <a href=\"http:\/\/www.monbebecheri.com\/\">ici<\/a> ! Un blog plein de jolies choses , de belles photos, de bonnes id\u00e9es, un plongeon au coeur de la maternit\u00e9, du monde de b\u00e9b\u00e9, de superbe d\u00e9co &#8230; moi je suis fan et &nbsp;je vous laisse d\u00e9couvrir par vous m\u00eame \ud83d\ude00<\/p>\n<\/div><\/div>\n<\/div><\/div>\n\n\n\n<div class=\"wp-block-group alignfull\"><div class=\"wp-block-group__inner-container is-layout-flow wp-block-group-is-layout-flow\">\n<div class=\"wp-block-media-text alignwide is-stacked-on-mobile is-style-tw-overlap has-subtle-background-color has-background\" style=\"grid-template-columns:44% auto\"><figure class=\"wp-block-media-text__media\"><img loading=\"lazy\" decoding=\"async\" width=\"523\" height=\"575\" src=\"https:\/\/www.c.line-design.fr\/website\/i-lumine\/wp-content\/uploads\/2021\/01\/dentelle.png\" alt=\"\" class=\"wp-image-4555 size-full\" srcset=\"https:\/\/www.c.line-design.fr\/website\/i-lumine\/wp-content\/uploads\/2021\/01\/dentelle.png 523w, https:\/\/www.c.line-design.fr\/website\/i-lumine\/wp-content\/uploads\/2021\/01\/dentelle-273x300.png 273w\" sizes=\"auto, (max-width: 523px) 100vw, 523px\" \/><\/figure><div class=\"wp-block-media-text__content\">\n<h2 class=\"has-extra-large-font-size wp-block-heading\"><strong><strong>Le 27\/07\/2012<\/strong><\/strong><\/h2>\n\n\n\n<p>Une petite publication surprise ce matin sur le <a href=\"http:\/\/www.mademoiselle-dentelle.fr\/mariage-pluvieu-blanc-et-mauve\/\">blog de Mademoiselle Dentelle<\/a> aka Anne &nbsp;!<br>St\u00e9phanie et Nicolas souhaitaient partager leur mariage et leur superbe Do It Yourself !!!! Un mariage o\u00f9 le bonheur rayonnait malgr\u00e8s la pluie qui ne voulait pas nous quitter !<br>Merci \u00e0 tous les trois mes amours de mari\u00e9s et \u00e0 Mademoiselle Dentelle pour cette adorable publication !<\/p>\n<\/div><\/div>\n\n\n\n<div class=\"wp-block-media-text alignwide has-media-on-the-right is-stacked-on-mobile is-style-tw-overlap has-subtle-background-color has-background\" style=\"grid-template-columns:auto 49%\"><figure class=\"wp-block-media-text__media\"><img loading=\"lazy\" decoding=\"async\" width=\"592\" height=\"575\" src=\"https:\/\/www.c.line-design.fr\/website\/i-lumine\/wp-content\/uploads\/2021\/01\/piedsnus.png\" alt=\"\" class=\"wp-image-4557 size-full\" srcset=\"https:\/\/www.c.line-design.fr\/website\/i-lumine\/wp-content\/uploads\/2021\/01\/piedsnus.png 592w, https:\/\/www.c.line-design.fr\/website\/i-lumine\/wp-content\/uploads\/2021\/01\/piedsnus-300x291.png 300w\" sizes=\"auto, (max-width: 592px) 100vw, 592px\" \/><\/figure><div class=\"wp-block-media-text__content\">\n<h2 class=\"has-extra-large-font-size wp-block-heading\"><strong><strong>Le 29\/05\/2012<\/strong><\/strong><\/h2>\n\n\n\n<p>Une publication qui fait vraiment trop plaisir, et un youpiiiii en cri de joie quand Nessa a accept\u00e9 de publier le mariage de Carole et Yann sur son L\u00e9gendaire Wedblog : La Mari\u00e9es Aux Pieds Nus (<a href=\"http:\/\/www.lamarieeauxpiedsnus.com\/vrai-mariage\/joli-mariage-ilumine\">voir l&rsquo;article<\/a>).<\/p>\n\n\n\n<p>Dans le cas ou vous ne connaitriez pas (ce que j&rsquo;ai du mal \u00e0 concevoir lol),&nbsp;foncez-y c&rsquo;est une v\u00e9ritable mine d&rsquo;or, de conseils, de DIY, de superbes photos. Pour r\u00e9sumer, c&rsquo;est un incoutournable des blogs de mariage !!!!<\/p>\n\n\n\n<p>D&rsquo;ailleurs un ptit mot au Bride to be qui recherche des Wedding planner de talent, Nessa et Cl\u00e9mentine du blog de Madame C ont cr\u00e9\u00e9 MIY Made In You \u00ab\u00a0cr\u00e9ateur de souvenir\u00a0\u00bb,&nbsp;et elles organisent tous les moments importants de votre vie avec beaucoup de talent. Vous voulez en savoir plus, visitez leur site :&nbsp;<a href=\"http:\/\/www.made-in-you.com\/\">http:\/\/www.made-in-you.com<\/a><\/p>\n<\/div><\/div>\n\n\n\n<div class=\"wp-block-media-text alignwide is-stacked-on-mobile is-style-tw-overlap has-subtle-background-color has-background\" style=\"grid-template-columns:44% auto\"><figure class=\"wp-block-media-text__media\"><img loading=\"lazy\" decoding=\"async\" width=\"601\" height=\"554\" src=\"https:\/\/www.c.line-design.fr\/website\/i-lumine\/wp-content\/uploads\/2021\/01\/zankyou.png\" alt=\"\" class=\"wp-image-4559 size-full\" srcset=\"https:\/\/www.c.line-design.fr\/website\/i-lumine\/wp-content\/uploads\/2021\/01\/zankyou.png 601w, https:\/\/www.c.line-design.fr\/website\/i-lumine\/wp-content\/uploads\/2021\/01\/zankyou-300x277.png 300w\" sizes=\"auto, (max-width: 601px) 100vw, 601px\" \/><\/figure><div class=\"wp-block-media-text__content\">\n<h2 class=\"has-extra-large-font-size wp-block-heading\"><\/h2>\n\n\n\n<p>Une semaine qui a joliment commenc\u00e9 en d\u00e9couvrant l&rsquo;article consacr\u00e9 \u00e0 i-lumine sur Zankyou (<a href=\"www.zankyou.com\">www.zankyou.com<\/a>), un site et forum de mariage rempli de conseils, de d\u00e9couverte, de bonnes id\u00e9es, tous les th\u00e8mes y sont abord\u00e9s !<\/p>\n\n\n\n<p>Je remercie sinc\u00e8rement Aub\u00e9line de m&rsquo;avoir contact\u00e9 et de m&rsquo;avoir consacr\u00e9 cet article sur son site&#8230;&nbsp;Encore Merciii !<\/p>\n\n\n\n<p>Pour le d\u00e9vcouvrir&nbsp;<a title=\"cliquez l\u00e0 !\" href=\"http:\/\/www.zankyou.com\/fr\/magazine\/p\/photographe-de-mariage-mathilde-crouzet-capture-vos-emotions\"> cliquez ici !<\/a><\/p>\n<\/div><\/div>\n\n\n\n<div class=\"wp-block-media-text alignwide has-media-on-the-right is-stacked-on-mobile is-style-tw-overlap has-subtle-background-color has-background\" style=\"grid-template-columns:auto 49%\"><figure class=\"wp-block-media-text__media\"><img loading=\"lazy\" decoding=\"async\" width=\"1024\" height=\"640\" src=\"https:\/\/www.c.line-design.fr\/website\/i-lumine\/wp-content\/uploads\/2021\/02\/Capture-de\u0301cran-2010-11-15-a\u0300-18.32.25pp_w1200_h750-1024x640.png\" alt=\"\" class=\"wp-image-4722 size-full\" srcset=\"https:\/\/www.c.line-design.fr\/website\/i-lumine\/wp-content\/uploads\/2021\/02\/Capture-de\u0301cran-2010-11-15-a\u0300-18.32.25pp_w1200_h750-1024x640.png 1024w, https:\/\/www.c.line-design.fr\/website\/i-lumine\/wp-content\/uploads\/2021\/02\/Capture-de\u0301cran-2010-11-15-a\u0300-18.32.25pp_w1200_h750-300x188.png 300w, https:\/\/www.c.line-design.fr\/website\/i-lumine\/wp-content\/uploads\/2021\/02\/Capture-de\u0301cran-2010-11-15-a\u0300-18.32.25pp_w1200_h750-768x480.png 768w, https:\/\/www.c.line-design.fr\/website\/i-lumine\/wp-content\/uploads\/2021\/02\/Capture-de\u0301cran-2010-11-15-a\u0300-18.32.25pp_w1200_h750.png 1200w\" sizes=\"auto, (max-width: 1024px) 100vw, 1024px\" \/><\/figure><div class=\"wp-block-media-text__content\">\n<h2 class=\"has-extra-large-font-size wp-block-heading\"><strong><strong><strong>Le 07\/12\/2010<\/strong><\/strong><\/strong><\/h2>\n\n\n\n<p>J&rsquo;avais d\u00e9j\u00e0 eu la chance d&rsquo;\u00eatre le second shooter d&rsquo;Am\u00e9lie de&nbsp;<a title=\"Butterfly moments\" href=\"www.butterflymoments.fr\">Butterfly moments<\/a>&nbsp;il y a d\u00e9j\u00e0 quelques mois, mais une autre super surprise allait suivre ! Un article consacr\u00e9 \u00e0 Butterfly Moments et au superbe mariage de Virginie et Ricardo et en prime la publication de nos photos dans&nbsp;<a title=\"Mariage attitude\" href=\"http:\/\/www.mariageattitude.fr\/\">Mariage attitude<\/a> automne\/hiver 2010, premi\u00e8res publications de mariage pour moi !!! Le genre de chose qui vous met du baume au coeur et vous redonne le sourire !<\/p>\n\n\n\n<p>J&rsquo;en profite pour remercier tous ceux qui me soutiennent, m&rsquo;encourage et me font confiance, c&rsquo;est gr\u00e2ce \u00e0 VOUS que j&rsquo;avance chaque jours ! Merci sinc\u00e8rement !<\/p>\n<\/div><\/div>\n\n\n\n<figure class=\"wp-block-image size-large\"><img loading=\"lazy\" decoding=\"async\" width=\"1024\" height=\"640\" src=\"https:\/\/www.c.line-design.fr\/website\/i-lumine\/wp-content\/uploads\/2021\/02\/Capture-de\u0301cran-2010-11-15-a\u0300-18.31.38-1024x640.png\" alt=\"\" class=\"wp-image-4723\" srcset=\"https:\/\/www.c.line-design.fr\/website\/i-lumine\/wp-content\/uploads\/2021\/02\/Capture-de\u0301cran-2010-11-15-a\u0300-18.31.38-1024x640.png 1024w, https:\/\/www.c.line-design.fr\/website\/i-lumine\/wp-content\/uploads\/2021\/02\/Capture-de\u0301cran-2010-11-15-a\u0300-18.31.38-300x188.png 300w, https:\/\/www.c.line-design.fr\/website\/i-lumine\/wp-content\/uploads\/2021\/02\/Capture-de\u0301cran-2010-11-15-a\u0300-18.31.38-768x480.png 768w, https:\/\/www.c.line-design.fr\/website\/i-lumine\/wp-content\/uploads\/2021\/02\/Capture-de\u0301cran-2010-11-15-a\u0300-18.31.38-1536x960.png 1536w, https:\/\/www.c.line-design.fr\/website\/i-lumine\/wp-content\/uploads\/2021\/02\/Capture-de\u0301cran-2010-11-15-a\u0300-18.31.38-1568x980.png 1568w, https:\/\/www.c.line-design.fr\/website\/i-lumine\/wp-content\/uploads\/2021\/02\/Capture-de\u0301cran-2010-11-15-a\u0300-18.31.38.png 1920w\" sizes=\"auto, (max-width: 1024px) 100vw, 1024px\" \/><\/figure>\n<\/div><\/div>\n","protected":false},"excerpt":{"rendered":"<p>Le 17\/01\/2013 Une nouvelle publication sur le blog d&rsquo;Annabelle The Bride Next Door.&nbsp;Merci, une publication \u00e0 l&rsquo;initiative de mes amours de mari\u00e9s, \u00e7a \u00e7a fait vraiment plaisir &nbsp;\ud83d\ude42pour voir l&rsquo;article en entier cliquez dessus ! Le 08\/08\/2012 Chouette Chouette Chouette ! Tr\u00e8s contente que Samia et Chlo\u00e9 de mon b\u00e9b\u00e9 ch\u00e9ri aient publi\u00e9 la tendre&hellip; <a class=\"more-link\" href=\"https:\/\/www.c.line-design.fr\/website\/i-lumine\/sur-le-web-publications\/\">Poursuivre la lecture <span class=\"screen-reader-text\">Sur le Web &#8211; Publications<\/span><\/a><\/p>\n","protected":false},"author":1,"featured_media":0,"parent":0,"menu_order":0,"comment_status":"closed","ping_status":"closed","template":"","meta":{"footnotes":""},"class_list":["post-2424","page","type-page","status-publish","hentry","entry"],"_links":{"self":[{"href":"https:\/\/www.c.line-design.fr\/website\/i-lumine\/wp-json\/wp\/v2\/pages\/2424","targetHints":{"allow":["GET"]}}],"collection":[{"href":"https:\/\/www.c.line-design.fr\/website\/i-lumine\/wp-json\/wp\/v2\/pages"}],"about":[{"href":"https:\/\/www.c.line-design.fr\/website\/i-lumine\/wp-json\/wp\/v2\/types\/page"}],"author":[{"embeddable":true,"href":"https:\/\/www.c.line-design.fr\/website\/i-lumine\/wp-json\/wp\/v2\/users\/1"}],"replies":[{"embeddable":true,"href":"https:\/\/www.c.line-design.fr\/website\/i-lumine\/wp-json\/wp\/v2\/comments?post=2424"}],"version-history":[{"count":15,"href":"https:\/\/www.c.line-design.fr\/website\/i-lumine\/wp-json\/wp\/v2\/pages\/2424\/revisions"}],"predecessor-version":[{"id":4724,"href":"https:\/\/www.c.line-design.fr\/website\/i-lumine\/wp-json\/wp\/v2\/pages\/2424\/revisions\/4724"}],"wp:attachment":[{"href":"https:\/\/www.c.line-design.fr\/website\/i-lumine\/wp-json\/wp\/v2\/media?parent=2424"}],"curies":[{"name":"wp","href":"https:\/\/api.w.org\/{rel}","templated":true}]}}