{"id":7,"date":"2021-01-27T12:26:18","date_gmt":"2021-01-27T11:26:18","guid":{"rendered":"https:\/\/www.c.line-design.fr\/website\/i-lumine\/?page_id=7"},"modified":"2023-04-04T14:12:59","modified_gmt":"2023-04-04T12:12:59","slug":"a-propos-de","status":"publish","type":"page","link":"https:\/\/www.c.line-design.fr\/website\/i-lumine\/a-propos-de\/","title":{"rendered":"\u00c0 propos"},"content":{"rendered":"\n<div class=\"wp-block-media-text alignwide is-stacked-on-mobile tw-mt-0 is-style-default has-white-background-color has-background tw-media-bottom\" style=\"grid-template-columns:36% auto\"><figure class=\"wp-block-media-text__media\"><img loading=\"lazy\" decoding=\"async\" width=\"395\" height=\"395\" src=\"https:\/\/www.c.line-design.fr\/website\/i-lumine\/wp-content\/uploads\/2023\/04\/Capture-decran-2021-01-27-a-15.50.44.png\" alt=\"\" class=\"wp-image-5066 size-full\" srcset=\"https:\/\/www.c.line-design.fr\/website\/i-lumine\/wp-content\/uploads\/2023\/04\/Capture-decran-2021-01-27-a-15.50.44.png 395w, https:\/\/www.c.line-design.fr\/website\/i-lumine\/wp-content\/uploads\/2023\/04\/Capture-decran-2021-01-27-a-15.50.44-300x300.png 300w, https:\/\/www.c.line-design.fr\/website\/i-lumine\/wp-content\/uploads\/2023\/04\/Capture-decran-2021-01-27-a-15.50.44-150x150.png 150w\" sizes=\"auto, (max-width: 395px) 100vw, 395px\" \/><\/figure><div class=\"wp-block-media-text__content\">\n<h2 class=\"wp-block-heading tw-mt-0 has-text-color\" style=\"color:#d8af90\">Un peu de moi<\/h2>\n\n\n\n<p><strong>Je m\u2019appelle Mathilde<\/strong>, j\u2019ai 37 ans, je vis \u00e0 Tours.<br><strong>Je suis photographe.<\/strong> J\u2019aime par dessus tout <strong>capter les moments pr\u00e9sents<\/strong>, faire pour vous de ces moments des souvenirs, car vos photos vous accompagneront tout au long de votre vie.<\/p>\n\n\n\n<p><strong>J\u2019aime l\u2019amour dans tous ses \u00e9tats<\/strong> et toutes les belles rencontres que je fais gr\u00e2ce \u00e0 ce m\u00e9tier.<br>Pour moi \u00eatre photographe, c\u2019est <strong>capturer des moments fugaces et spontan\u00e9s<\/strong>, c\u2019est capter les \u00e9motions et les partager.<br>Etre photographe c\u2019est raconter une histoire, l\u2019histoire d\u2019une vie, d\u2019une famille, d\u2019un couple&#8230;<br>Etre photographe c\u2019est partager son regard, sa vision \u00e0 l\u2019autre, c\u2019est s\u2019ouvrir aux autres, aux \u00e9motions, c\u2019est \u00eatre \u00e0 l\u2019affut d\u2019un geste, d\u2019un \u00e9clat de rire, d\u2019un moment de complicit\u00e9, d\u2019un \u00e9change de regards, ou m\u00eame d\u2019une larme\u2026<br><strong>Etre photographe pour vous c\u2019est vous donner toute ma sensibilit\u00e9\u2026<\/strong><\/p>\n\n\n\n<p>J\u2019ai toujours aim\u00e9 travailler avec les enfants : animatrice aux b\u00e9b\u00e9s nageurs, \u00e9cole maternelle, centre a\u00e9r\u00e9\u2026 et au fil du temps ma passion pour la photo grandissante je me suis lanc\u00e9e dans les portraits.<br>Mon domaine de pr\u00e9dilection dans lequel je m\u2019\u00e9panouie le plus est la photographie de petite enfance, je suis compl\u00e8tement sous le charme des premiers pas, des petites mimiques, des moments de tendresses et d\u2019\u00e9change entre parent et enfant. Le feeling est naturel avec avec les petits et mes s\u00e9ances se d\u00e9roulent le plus naturellement possible, lors d\u2019une ballade en famille dans des lieux insolites ou des endroits ayant une histoire pour la famille que je photographie.<br>On en parle ensemble pour trouver ce qui correspond le plus \u00e0 leur attente, on r\u00e9fl\u00e9chie aux tenues, accessoires\u2026, les d\u00e9tails importants pour une s\u00e9ance, et j\u2019adore quand les familles viennent avec leurs id\u00e9es, investies \u00e0 fond dans leur s\u00e9ance en ayant pens\u00e9 \u00e0 tout plein de d\u00e9tails !<\/p>\n<\/div><\/div>\n\n\n\n<div class=\"wp-block-columns aboutlove tw-gutter-large tw-cols-card tw-cols-card-shadow is-layout-flex wp-container-core-columns-is-layout-d0b3c9c8 wp-block-columns-is-layout-flex\">\n<div class=\"wp-block-column is-layout-flow wp-block-column-is-layout-flow\">\n<h4 class=\"wp-block-heading has-text-align-center has-large-font-size\"> <img loading=\"lazy\" decoding=\"async\" width=\"92\" height=\"79\" class=\"wp-image-4368\" style=\"width: 92px;\" src=\"https:\/\/www.c.line-design.fr\/website\/i-lumine\/wp-content\/uploads\/2021\/01\/love.png\" alt=\"\"> J&rsquo;aime<\/h4>\n\n\n\n<p>Les macarons <img loading=\"lazy\" decoding=\"async\" width=\"101\" height=\"39\" class=\"wp-image-4369\" style=\"width: 101px;\" src=\"https:\/\/www.c.line-design.fr\/website\/i-lumine\/wp-content\/uploads\/2021\/01\/macarons.png\" alt=\"\">, mes chats pleins de poils <img loading=\"lazy\" decoding=\"async\" width=\"81\" height=\"72\" class=\"wp-image-4370\" style=\"width: 81px;\" src=\"https:\/\/www.c.line-design.fr\/website\/i-lumine\/wp-content\/uploads\/2021\/01\/chat.png\" alt=\"\">, les voyages, le bon vin <img loading=\"lazy\" decoding=\"async\" width=\"51\" height=\"69\" class=\"wp-image-4371\" style=\"width: 51px;\" src=\"https:\/\/www.c.line-design.fr\/website\/i-lumine\/wp-content\/uploads\/2021\/01\/vin.png\" alt=\"\">(humm le Volnay) et le Mojito ! D\u00e9penser les sous que j&rsquo;ai pas en shopping, faire la grass&rsquo; mat&rsquo;<img loading=\"lazy\" decoding=\"async\" width=\"67\" height=\"58\" class=\"wp-image-4372\" style=\"width: 67px;\" src=\"https:\/\/www.c.line-design.fr\/website\/i-lumine\/wp-content\/uploads\/2021\/01\/lit.png\" alt=\"\">, l&rsquo;humour noir, chanter des chansons kitch dans ma voiture <img loading=\"lazy\" decoding=\"async\" width=\"37\" height=\"43\" class=\"wp-image-4373\" style=\"width: 37px;\" src=\"https:\/\/www.c.line-design.fr\/website\/i-lumine\/wp-content\/uploads\/2021\/01\/zic.png\" alt=\"\"> &#8230;<\/p>\n<\/div>\n\n\n\n<div class=\"wp-block-column is-layout-flow wp-block-column-is-layout-flow\">\n<h4 class=\"wp-block-heading has-text-align-center has-large-font-size\"><img loading=\"lazy\" decoding=\"async\" width=\"92\" height=\"76\" class=\"wp-image-4487\" style=\"width: 92px;\" src=\"https:\/\/www.c.line-design.fr\/website\/i-lumine\/wp-content\/uploads\/2021\/01\/hate.png\" alt=\"\" srcset=\"https:\/\/www.c.line-design.fr\/website\/i-lumine\/wp-content\/uploads\/2021\/01\/hate.png 462w, https:\/\/www.c.line-design.fr\/website\/i-lumine\/wp-content\/uploads\/2021\/01\/hate-300x247.png 300w\" sizes=\"auto, (max-width: 92px) 100vw, 92px\" \/>J&rsquo;aime pas <\/h4>\n\n\n\n<p>Perdre \u00e0 MarioBross <img loading=\"lazy\" decoding=\"async\" width=\"41\" height=\"46\" class=\"wp-image-4384\" style=\"width: 41px;\" src=\"https:\/\/www.c.line-design.fr\/website\/i-lumine\/wp-content\/uploads\/2021\/01\/mario.png\" alt=\"\">, l&rsquo;hypocrisie, avoir froid, les gens pas polis, tout ce qui a un bec <img loading=\"lazy\" decoding=\"async\" width=\"50\" height=\"35\" class=\"wp-image-4385\" style=\"width: 50px;\" src=\"https:\/\/www.c.line-design.fr\/website\/i-lumine\/wp-content\/uploads\/2021\/01\/bec.png\" alt=\"\">surtout les autruches <img loading=\"lazy\" decoding=\"async\" width=\"66\" height=\"54\" class=\"wp-image-4386\" style=\"width: 66px;\" src=\"https:\/\/www.c.line-design.fr\/website\/i-lumine\/wp-content\/uploads\/2021\/01\/autruche.png\" alt=\"\">! Les mensonges, la viande <img loading=\"lazy\" decoding=\"async\" width=\"46\" height=\"25\" class=\"wp-image-4387\" style=\"width: 46px;\" src=\"https:\/\/www.c.line-design.fr\/website\/i-lumine\/wp-content\/uploads\/2021\/01\/viande.png\" alt=\"\">, les \u00e9go\u00efstes, faire la vaisselle <img loading=\"lazy\" decoding=\"async\" width=\"63\" height=\"35\" class=\"wp-image-4388\" style=\"width: 63px;\" src=\"https:\/\/www.c.line-design.fr\/website\/i-lumine\/wp-content\/uploads\/2021\/01\/vaisselle.png\" alt=\"\"> &#8230;<\/p>\n<\/div>\n<\/div>\n\n\n\n<div class=\"wp-block-columns is-layout-flex wp-container-core-columns-is-layout-d0b3c9c8 wp-block-columns-is-layout-flex\">\n<div class=\"wp-block-column is-layout-flow wp-block-column-is-layout-flow\" style=\"--col-width:100%;flex-basis:100%\">\n<div class=\"wp-block-columns is-layout-flex wp-container-core-columns-is-layout-d0b3c9c8 wp-block-columns-is-layout-flex\">\n<div class=\"wp-block-column is-layout-flow wp-block-column-is-layout-flow\" style=\"--col-width:100%;flex-basis:100%\"><\/div>\n<\/div>\n<\/div>\n<\/div>\n\n\n<div class=\"wp-block-image\">\n<figure class=\"aligncenter size-large is-resized\"><img loading=\"lazy\" decoding=\"async\" src=\"https:\/\/www.c.line-design.fr\/website\/i-lumine\/wp-content\/uploads\/2021\/01\/separation1.png\" alt=\"\" class=\"wp-image-4499\" width=\"157\" height=\"67\" srcset=\"https:\/\/www.c.line-design.fr\/website\/i-lumine\/wp-content\/uploads\/2021\/01\/separation1.png 315w, https:\/\/www.c.line-design.fr\/website\/i-lumine\/wp-content\/uploads\/2021\/01\/separation1-300x128.png 300w\" sizes=\"auto, (max-width: 157px) 100vw, 157px\" \/><\/figure>\n<\/div>\n\n\n<h2 class=\"wp-block-heading has-text-align-center tw-mt-0\">En action !<\/h2>\n\n\n\n<p>Comme vous avez pu le constater, mon blog a refait peau neuve. L\u2019occasion pour moi de le personnaliser un peu, de me pr\u00e9senter, de mettre un visage \u00e0 i-lumine Photographie&#8230;<\/p>\n\n\n\n<p>Autant il m\u2019est facile d\u2019\u00e9crire sur les posts de mes s\u00e9ances, mais lorsqu\u2019il s\u2019agit de parler de moi, l\u00e0, c\u2019est autre chose, c\u2019est tellement difficile&#8230; Mais comment se pr\u00e9senter sans parler de soi ?! Peut-\u00eatre en image :-p !<\/p>\n\n\n\n<p>Comme on dit, le ridicule ne tue pas, en voici la preuve en images !!!<\/p>\n\n\n\n<p>Merci \u00e0 Am\u00e9lie de Callibella et Alexandra De Cossette pour ces photos backstage !<\/p>\n\n\n<div class=\"wp-block-image\">\n<figure class=\"aligncenter size-full\"><img loading=\"lazy\" decoding=\"async\" width=\"800\" height=\"532\" src=\"https:\/\/www.c.line-design.fr\/website\/i-lumine\/wp-content\/uploads\/2023\/04\/20120623_1386-800x532-1.jpg\" alt=\"\" class=\"wp-image-5069\" title=\"20120623_1386\" srcset=\"https:\/\/www.c.line-design.fr\/website\/i-lumine\/wp-content\/uploads\/2023\/04\/20120623_1386-800x532-1.jpg 800w, https:\/\/www.c.line-design.fr\/website\/i-lumine\/wp-content\/uploads\/2023\/04\/20120623_1386-800x532-1-300x200.jpg 300w, https:\/\/www.c.line-design.fr\/website\/i-lumine\/wp-content\/uploads\/2023\/04\/20120623_1386-800x532-1-768x511.jpg 768w\" sizes=\"auto, (max-width: 800px) 100vw, 800px\" \/><\/figure>\n<\/div>\n\n\n<p>Il m&rsquo;arrive souvent de me mettre dans des situations incongrues :p !!!<\/p>\n\n\n<div class=\"wp-block-image\">\n<figure class=\"aligncenter size-full\"><img loading=\"lazy\" decoding=\"async\" width=\"532\" height=\"800\" src=\"https:\/\/www.c.line-design.fr\/website\/i-lumine\/wp-content\/uploads\/2023\/04\/maalex-532x800-1.jpg\" alt=\"\" class=\"wp-image-5072\" title=\"maalex\" srcset=\"https:\/\/www.c.line-design.fr\/website\/i-lumine\/wp-content\/uploads\/2023\/04\/maalex-532x800-1.jpg 532w, https:\/\/www.c.line-design.fr\/website\/i-lumine\/wp-content\/uploads\/2023\/04\/maalex-532x800-1-200x300.jpg 200w\" sizes=\"auto, (max-width: 532px) 100vw, 532px\" \/><\/figure>\n<\/div>\n\n<div class=\"wp-block-image\">\n<figure class=\"aligncenter size-full\"><img loading=\"lazy\" decoding=\"async\" width=\"800\" height=\"532\" src=\"https:\/\/www.c.line-design.fr\/website\/i-lumine\/wp-content\/uploads\/2023\/04\/20100904_618-800x532-1.jpg\" alt=\"\" class=\"wp-image-5076\" title=\"20100904_618\" srcset=\"https:\/\/www.c.line-design.fr\/website\/i-lumine\/wp-content\/uploads\/2023\/04\/20100904_618-800x532-1.jpg 800w, https:\/\/www.c.line-design.fr\/website\/i-lumine\/wp-content\/uploads\/2023\/04\/20100904_618-800x532-1-300x200.jpg 300w, https:\/\/www.c.line-design.fr\/website\/i-lumine\/wp-content\/uploads\/2023\/04\/20100904_618-800x532-1-768x511.jpg 768w\" sizes=\"auto, (max-width: 800px) 100vw, 800px\" \/><\/figure>\n<\/div>\n\n<div class=\"wp-block-image\">\n<figure class=\"aligncenter size-full\"><img loading=\"lazy\" decoding=\"async\" width=\"800\" height=\"533\" src=\"https:\/\/www.c.line-design.fr\/website\/i-lumine\/wp-content\/uploads\/2023\/04\/100703_M2-800x533-1.jpg\" alt=\"\" class=\"wp-image-5075\" title=\"100703_M2\" srcset=\"https:\/\/www.c.line-design.fr\/website\/i-lumine\/wp-content\/uploads\/2023\/04\/100703_M2-800x533-1.jpg 800w, https:\/\/www.c.line-design.fr\/website\/i-lumine\/wp-content\/uploads\/2023\/04\/100703_M2-800x533-1-300x200.jpg 300w, https:\/\/www.c.line-design.fr\/website\/i-lumine\/wp-content\/uploads\/2023\/04\/100703_M2-800x533-1-768x512.jpg 768w\" sizes=\"auto, (max-width: 800px) 100vw, 800px\" \/><\/figure>\n<\/div>\n\n<div class=\"wp-block-image\">\n<figure class=\"aligncenter size-full\"><img loading=\"lazy\" decoding=\"async\" width=\"800\" height=\"532\" src=\"https:\/\/www.c.line-design.fr\/website\/i-lumine\/wp-content\/uploads\/2023\/04\/20100905_40-800x532-1.jpg\" alt=\"\" class=\"wp-image-5077\" title=\"20100905_40\" srcset=\"https:\/\/www.c.line-design.fr\/website\/i-lumine\/wp-content\/uploads\/2023\/04\/20100905_40-800x532-1.jpg 800w, https:\/\/www.c.line-design.fr\/website\/i-lumine\/wp-content\/uploads\/2023\/04\/20100905_40-800x532-1-300x200.jpg 300w, https:\/\/www.c.line-design.fr\/website\/i-lumine\/wp-content\/uploads\/2023\/04\/20100905_40-800x532-1-768x511.jpg 768w\" sizes=\"auto, (max-width: 800px) 100vw, 800px\" \/><\/figure>\n<\/div>\n\n\n<p><br>Ah oui, je suis souvent par terre aussi !<br><\/p>\n\n\n<div class=\"wp-block-image\">\n<figure class=\"aligncenter size-full\"><img loading=\"lazy\" decoding=\"async\" width=\"800\" height=\"532\" src=\"https:\/\/www.c.line-design.fr\/website\/i-lumine\/wp-content\/uploads\/2023\/04\/20100904_1-800x532-1.jpg\" alt=\"\" class=\"wp-image-5078\" title=\"20100904_1\" srcset=\"https:\/\/www.c.line-design.fr\/website\/i-lumine\/wp-content\/uploads\/2023\/04\/20100904_1-800x532-1.jpg 800w, https:\/\/www.c.line-design.fr\/website\/i-lumine\/wp-content\/uploads\/2023\/04\/20100904_1-800x532-1-300x200.jpg 300w, https:\/\/www.c.line-design.fr\/website\/i-lumine\/wp-content\/uploads\/2023\/04\/20100904_1-800x532-1-768x511.jpg 768w\" sizes=\"auto, (max-width: 800px) 100vw, 800px\" \/><\/figure>\n<\/div>\n\n<div class=\"wp-block-image is-style-default\">\n<figure class=\"aligncenter size-full\"><img loading=\"lazy\" decoding=\"async\" width=\"800\" height=\"532\" src=\"https:\/\/www.c.line-design.fr\/website\/i-lumine\/wp-content\/uploads\/2023\/04\/0007_workshop.Paris_.by_.davidjosue.8411-800x532-1.jpg\" alt=\"\" class=\"wp-image-5079\" title=\"0007_workshop.Paris_.by_.davidjosue.8411\" srcset=\"https:\/\/www.c.line-design.fr\/website\/i-lumine\/wp-content\/uploads\/2023\/04\/0007_workshop.Paris_.by_.davidjosue.8411-800x532-1.jpg 800w, https:\/\/www.c.line-design.fr\/website\/i-lumine\/wp-content\/uploads\/2023\/04\/0007_workshop.Paris_.by_.davidjosue.8411-800x532-1-300x200.jpg 300w, https:\/\/www.c.line-design.fr\/website\/i-lumine\/wp-content\/uploads\/2023\/04\/0007_workshop.Paris_.by_.davidjosue.8411-800x532-1-768x511.jpg 768w\" sizes=\"auto, (max-width: 800px) 100vw, 800px\" \/><\/figure>\n<\/div>","protected":false},"excerpt":{"rendered":"<p>Un peu de moi Je m\u2019appelle Mathilde, j\u2019ai 37 ans, je vis \u00e0 Tours.Je suis photographe. J\u2019aime par dessus tout capter les moments pr\u00e9sents, faire pour vous de ces moments des souvenirs, car vos photos vous accompagneront tout au long de votre vie. J\u2019aime l\u2019amour dans tous ses \u00e9tats et toutes les belles rencontres que&hellip; <a class=\"more-link\" href=\"https:\/\/www.c.line-design.fr\/website\/i-lumine\/a-propos-de\/\">Poursuivre la lecture <span class=\"screen-reader-text\">\u00c0 propos<\/span><\/a><\/p>\n","protected":false},"author":1,"featured_media":0,"parent":0,"menu_order":0,"comment_status":"closed","ping_status":"closed","template":"","meta":{"footnotes":""},"class_list":["post-7","page","type-page","status-publish","hentry","entry"],"_links":{"self":[{"href":"https:\/\/www.c.line-design.fr\/website\/i-lumine\/wp-json\/wp\/v2\/pages\/7","targetHints":{"allow":["GET"]}}],"collection":[{"href":"https:\/\/www.c.line-design.fr\/website\/i-lumine\/wp-json\/wp\/v2\/pages"}],"about":[{"href":"https:\/\/www.c.line-design.fr\/website\/i-lumine\/wp-json\/wp\/v2\/types\/page"}],"author":[{"embeddable":true,"href":"https:\/\/www.c.line-design.fr\/website\/i-lumine\/wp-json\/wp\/v2\/users\/1"}],"replies":[{"embeddable":true,"href":"https:\/\/www.c.line-design.fr\/website\/i-lumine\/wp-json\/wp\/v2\/comments?post=7"}],"version-history":[{"count":65,"href":"https:\/\/www.c.line-design.fr\/website\/i-lumine\/wp-json\/wp\/v2\/pages\/7\/revisions"}],"predecessor-version":[{"id":5080,"href":"https:\/\/www.c.line-design.fr\/website\/i-lumine\/wp-json\/wp\/v2\/pages\/7\/revisions\/5080"}],"wp:attachment":[{"href":"https:\/\/www.c.line-design.fr\/website\/i-lumine\/wp-json\/wp\/v2\/media?parent=7"}],"curies":[{"name":"wp","href":"https:\/\/api.w.org\/{rel}","templated":true}]}}